{"id":134,"date":"2018-06-17T13:50:07","date_gmt":"2018-06-17T11:50:07","guid":{"rendered":"https:\/\/buechereiboebing.wordpress.com\/?page_id=134"},"modified":"2022-02-08T14:23:30","modified_gmt":"2022-02-08T14:23:30","slug":"datenschutz","status":"publish","type":"page","link":"https:\/\/www.buecherei-boebing.de\/index.php\/datenschutz\/","title":{"rendered":"Datenschutz"},"content":{"rendered":"\n<h3 class=\"wp-block-heading\" id=\"name-und-anschrift-des-verantwortlichender-verantwortliche-im-sinne-der-datenschutz-grundverordnung-und-anderer-nationaler-datenschutzgesetze-der-mitgliedsstaaten-sowie-sonstiger-datenschutzrechtlicher-bestimmungen-ist-die\">Name und Anschrift des Verantwortlichen<\/h3>\n\n\n\n<p id=\"name-und-anschrift-des-verantwortlichender-verantwortliche-im-sinne-der-datenschutz-grundverordnung-und-anderer-nationaler-datenschutzgesetze-der-mitgliedsstaaten-sowie-sonstiger-datenschutzrechtlicher-bestimmungen-ist-die\">Der Verantwortliche im Sinne der Datenschutz-Grundverordnung und anderer nationaler Datenschutzgesetze der Mitgliedsstaaten sowie sonstiger datenschutzrechtlicher Bestimmungen ist die:<\/p>\n\n\n\n<p>Gemeinde B\u00f6bing\/B\u00fccherei B\u00f6bing<br>Kirchstra\u00dfe 12<br>82389 B\u00f6bing<br>Telefon: +49 (0)8867 91 00-31<br>E-Mail: buecherei@boebing.de<\/p>\n\n\n\n<h3 class=\"wp-block-heading\" id=\"name-und-anschrift-des-datenschutzbeauftragten\">Name und Anschrift des Datenschutzbeauftragten<\/h3>\n\n\n\n<p>Bitte wenden Sie sich in allen Fragen rund um das Thema Datenschutz und Datensicherheit direkt an unseren Datenschutzbeauftragten:<\/p>\n\n\n\n<p>actago GmbH<br>Maximilian Nuss<br>Straubinger Stra\u00dfe 7<br>94405 Landau a. d. Isar<br>Telefon: +49 (0)9951 99990-20<br>E-Mail: datenschutz@actago.de<\/p>\n\n\n\n<h3 class=\"wp-block-heading\" id=\"allgemeine-informationen\">Allgemeine Informationen<\/h3>\n\n\n\n<p id=\"zwecke-und-rechtsgrundlagen-fur-die-verarbeitung-personenbezogener-daten\"><strong>Zwecke und Rechtsgrundlagen f\u00fcr die Verarbeitung personenbezogener Daten<\/strong><\/p>\n\n\n\n<p>Zweck der Verarbeitung ist die Erf\u00fcllung der uns vom Gesetzgeber zugewiesenen \u00f6ffentlichen Aufgaben, insbesondere der Information der \u00d6ffentlichkeit.<br>Die Rechtsgrundlage f\u00fcr die Verarbeitung Ihrer Daten ergibt sich, soweit nichts anderes angegeben ist, aus Art. 4 Abs. 1 des Bayerischen Datenschutzgesetzes (BayDSG) in Verbindung mit Art. 6 Abs. 1 UAbs. 1 Buchst. e der Datenschutzgrundverordnung (DSGVO). Demnach ist es uns erlaubt, die zur Erf\u00fcllung einer uns obliegenden Aufgabe erforderlichen Daten zu verarbeiten.<\/p>\n\n\n\n<p id=\"empfanger-von-personenbezogenen-daten\"><strong>Empf\u00e4nger von personenbezogenen Daten<\/strong><\/p>\n\n\n\n<p>Gegebenenfalls werden Ihre Daten an die zust\u00e4ndigen Aufsichts- und Rechnungspr\u00fcfungsbeh\u00f6rden zur Wahrnehmung der jeweiligen Kontrollrechte \u00fcbermittelt.<br>Zur Abwehr von Gefahren f\u00fcr die Sicherheit in der Informationstechnik k\u00f6nnen bei elektronischer \u00dcbermittlung Daten an das Landesamt f\u00fcr Sicherheit in der Informationstechnik weitergeleitet werden und dort auf Grundlage der Art. 12 ff. des Bayerischen E-Government-Gesetzes verarbeitet werden.<\/p>\n\n\n\n<p id=\"dauer-der-speicherung-der-personenbezogenen-daten\"><strong>Dauer der Speicherung der personenbezogenen Daten<\/strong><\/p>\n\n\n\n<p>Ihre Daten werden nur so lange gespeichert, wie dies unter Beachtung gesetzlicher Aufbewahrungsfristen zur Aufgabenerf\u00fcllung erforderlich ist.<\/p>\n\n\n\n<p id=\"ihre-rechte\"><strong>Ihre Rechte<\/strong><\/p>\n\n\n\n<p>Soweit wir von Ihnen personenbezogene Daten verarbeiten, stehen Ihnen als Betroffener nachfolgende Rechte zu:<\/p>\n\n\n\n<ul class=\"wp-block-list\"><li>Sie haben das Recht auf Auskunft \u00fcber die zu Ihrer Person gespeicherten Daten (Art. 15 DSGVO).<\/li><li>Sollten unrichtige personenbezogene Daten verarbeitet werden, steht Ihnen ein Recht auf Berichtigung zu (Art. 16 DSGVO).<\/li><li>Liegen die gesetzlichen Voraussetzungen vor, so k\u00f6nnen Sie die L\u00f6schung oder Einschr\u00e4nkung der Verarbeitung verlangen (Art. 17 und 18 DSGVO).<\/li><li>Wenn Sie in die Verarbeitung eingewilligt haben oder ein Vertrag zur Datenverarbeitung besteht und die Datenverarbeitung mithilfe automatisierter Verfahren durchgef\u00fchrt wird, steht Ihnen gegebenenfalls ein Recht auf Daten\u00fcbertragbarkeit zu (Art. 20 DSGVO).<\/li><li>Falls Sie in die Verarbeitung eingewilligt haben und die Verarbeitung auf dieser Einwilligung beruht, k\u00f6nnen Sie die Einwilligung jederzeit f\u00fcr die Zukunft widerrufen.<\/li><li>Die Rechtm\u00e4\u00dfigkeit der aufgrund der Einwilligung bis zum Widerruf erfolgten Datenverarbeitung wird durch diesen nicht ber\u00fchrt.<\/li><\/ul>\n\n\n\n<p>Sie haben das Recht, aus Gr\u00fcnden, die sich aus Ihrer besonderen Situation ergeben, jederzeit gegen die Verarbeitung Ihrer Daten Widerspruch einzulegen, wenn die Verarbeitung ausschlie\u00dflich auf Grundlage des Art. 6 Abs. 1 Buchst. e oder f DSGVO erfolgt (Art. 21 Abs. 1 Satz 1 DSGVO).<\/p>\n\n\n\n<p id=\"beschwerderecht-bei-der-aufsichtsbehorde\"><strong>Beschwerderecht bei der Aufsichtsbeh\u00f6rde<\/strong><\/p>\n\n\n\n<p>Weiterhin besteht ein Beschwerderecht beim Bayerischen Landesbeauftragten f\u00fcr den Datenschutz. Diesen k\u00f6nnen Sie unter folgenden Kontaktdaten erreichen:<\/p>\n\n\n\n<p>Postanschrift: Postfach 22 12 19, 80502 M\u00fcnchen<br>Adresse: Wagm\u00fcllerstra\u00dfe 18, 80538 M\u00fcnchen<br>Telefon: 089 212672-0<br>Telefax: 089 212672-50<br>E-Mail: poststelle@datenschutz-bayern.de<br>Internet: https:\/\/www.datenschutz-bayern.de\/<\/p>\n\n\n\n<h3 class=\"wp-block-heading\" id=\"weitere-information\">Weitere Information<\/h3>\n\n\n\n<p>F\u00fcr n\u00e4here Informationen zur Verarbeitung Ihrer Daten und zu Ihren Rechten k\u00f6nnen Sie uns unter den oben genannten Kontaktdaten erreichen.<\/p>\n\n\n\n<h3 class=\"wp-block-heading\" id=\"informationen-zum-internetauftritt\">Informationen zum Internetauftritt<\/h3>\n\n\n\n<p id=\"protokollierung\"><strong>Protokollierung<\/strong><\/p>\n\n\n\n<p>Wenn Sie diese oder andere Internetseiten aufrufen, \u00fcbermitteln Sie \u00fcber Ihren Internetbrowser Daten an unseren Webserver. Die folgenden Daten werden w\u00e4hrend einer laufenden Verbindung zur Kommunikation zwischen Ihrem Internetbrowser und unserem Webserver aufgezeichnet:<\/p>\n\n\n\n<p>\u2022 Datum und Uhrzeit der Anforderung<br>\u2022 Name der angeforderten Datei<br>\u2022 Seite, von der aus die Datei angefordert wurde<br>\u2022 Zugriffsstatus (Datei \u00fcbertragen, Datei nicht gefunden, etc.)<br>\u2022 verwendete Webbrowser und verwendetes Betriebssystem<br>\u2022 vollst\u00e4ndige IP-Adresse des anfordernden Rechners<br>\u2022 \u00fcbertragene Datenmenge.<\/p>\n\n\n\n<p>Aus Gr\u00fcnden der technischen Sicherheit, insbesondere zur Abwehr von Angriffsversuchen auf unseren Webserver, werden diese Daten von uns gespeichert. Nach sp\u00e4testens sieben Tagen werden die Daten durch Verk\u00fcrzung der IP-Adresse auf Domain-Ebene anonymisiert, so dass es nicht mehr m\u00f6glich ist, einen Bezug auf einzelne Nutzer herzustellen.<br>Zur Abwehr von Gefahren f\u00fcr die Sicherheit in der Informationstechnik werden die Daten an das Landesamt f\u00fcr Sicherheit in der Informationstechnik weitergeleitet und dort auf Grundlage der Art. 12 ff. des Bayerischen E-Government-Gesetzes verarbeitet.<\/p>\n\n\n\n<h3 class=\"wp-block-heading\" id=\"cookiesbeim-zugriff-auf-dieses-internetangebot-werden-von-uns-cookies-kleine-dateien-auf-ihrem-gerat-gespeichert-diese-haben-eine-gultigkeit-von\">Cookies<\/h3>\n\n\n\n<p id=\"cookiesbeim-zugriff-auf-dieses-internetangebot-werden-von-uns-cookies-kleine-dateien-auf-ihrem-gerat-gespeichert-diese-haben-eine-gultigkeit-von\">Beim Zugriff auf dieses Internetangebot werden von uns Cookies (kleine Dateien) auf Ihrem Ger\u00e4t gespeichert. Diese haben eine G\u00fcltigkeit von:<\/p>\n\n\n\n<p>Name Speicherdauer:<br>\u2022 cookie_notice_accepted 4 Wochen<\/p>\n\n\n\n<p>Wir verwenden diese dazu, um die Nutzung der Seite zu verbessern und den Besuchern mehr Funktionen bieten zu k\u00f6nnen. Die meisten Browser sind so eingestellt, dass sie die Verwendung von Cookies akzeptieren, diese Funktion kann aber durch die Einstellung des Internetbrowsers von Ihnen f\u00fcr die laufende Sitzung oder dauerhaft abgeschaltet werden.<\/p>\n\n\n\n<h3 class=\"wp-block-heading\" id=\"kontaktformular-und-kontaktaufnahme-per-e-mail\">Kontaktformular und Kontaktaufnahme per E-Mail<\/h3>\n\n\n\n<p id=\"beschreibung-und-umfang-der-datenverarbeitung\"><strong>Beschreibung und Umfang der Datenverarbeitung<\/strong><\/p>\n\n\n\n<p>Auf unserer Website ist ein Kontaktformular vorhanden, welches f\u00fcr die elektronische Kontaktaufnahme genutzt werden kann. Nehmen Sie diese M\u00f6glichkeit wahr, so werden die in der Eingabemaske eingegeben Daten an uns \u00fcbermittelt und gespeichert. Diese Daten sind:<\/p>\n\n\n\n<p>\u2022 Dein Name*<br>\u2022 Deine E-Mail-Adresse*<br>\u2022 Betreff<br>\u2022 Deine Nachricht<br>*Pflichtfeld<br>F\u00fcr die Verarbeitung der Daten wird im Rahmen des Absende Vorgangs Ihre Einwilligung eingeholt und auf diese Datenschutzerkl\u00e4rung verwiesen.<br>Alternativ ist eine Kontaktaufnahme \u00fcber die bereitgestellte E-Mail-Adresse m\u00f6glich. In diesem Fall werden Ihre mit der E-Mail \u00fcbermittelten personenbezogenen Daten gespeichert. Es erfolgt in diesem Zusammenhang keine Weitergabe der Daten an Dritte.<br>Die Daten werden ausschlie\u00dflich f\u00fcr die Verarbeitung der Konversation verwendet.<\/p>\n\n\n\n<p id=\"rechtsgrundlage-fur-die-datenverarbeitung\"><strong>Rechtsgrundlage f\u00fcr die Datenverarbeitung<\/strong><\/p>\n\n\n\n<p>Rechtsgrundlage f\u00fcr die Verarbeitung Ihrer personenbezogenen Daten ist bei Vorliegen einer Einwilligung des Nutzers Art. 6 Abs. 1 lit. a EU-DSGVO.<br>Rechtsgrundlage f\u00fcr die Verarbeitung Ihrer personenbezogenen Daten, die im Zuge einer \u00dcbersendung einer E-Mail \u00fcbermittelt werden, ist Art. 6 Abs. 1 lit. e EU-DSGVO i.V.m. Art. 4 BayDSG. Zielt die Kontaktaufnahme per E-Mail auf den Abschluss eines Vertrages ab, so ist zus\u00e4tzliche Rechtsgrundlage f\u00fcr die Verarbeitung Art. 6 Abs. 1 lit. b EU-DSGVO.<\/p>\n\n\n\n<p id=\"zweck-der-datenverarbeitung\"><strong>Zweck der Datenverarbeitung<\/strong><\/p>\n\n\n\n<p>Die Verarbeitung Ihrer personenbezogenen Daten aus der Eingabemaske dient uns allein zur Bearbeitung der Kontaktaufnahme.<br>Die sonstigen w\u00e4hrend des Absende Vorgangs verarbeiteten personenbezogenen Daten dienen dazu, einen Missbrauch des Kontaktformulars zu verhindern und die Sicherheit unserer informationstechnischen Systeme sicherzustellen.<\/p>\n\n\n\n<p id=\"dauer-der-speicherung\"><strong>Dauer der Speicherung<\/strong><\/p>\n\n\n\n<p>Ihre personenbezogenen Daten werden gel\u00f6scht, sobald sie f\u00fcr die Erreichung des Zweckes ihrer Erhebung nicht mehr erforderlich sind. F\u00fcr die personenbezogenen Daten aus der Eingabemaske des Kontaktformulars und diejenigen, die per E-Mail \u00fcbersandt wurden, ist dies dann der Fall, wenn die jeweilige Konversation mit Ihnen beendet ist. Beendet ist die Konversation dann, wenn sich aus den Umst\u00e4nden entnehmen l\u00e4sst, dass der betroffene Sachverhalt abschlie\u00dfend gekl\u00e4rt ist.<br>Die w\u00e4hrend des Absende Vorgangs zus\u00e4tzlich erhobenen personenbezogenen Daten werden sp\u00e4testens nach einer Frist von sieben Tagen gel\u00f6scht.<\/p>\n\n\n\n<p id=\"widerspruchs-und-beseitigungsmoglichkeit\"><strong>Widerspruchs- und Beseitigungsm\u00f6glichkeit<\/strong><\/p>\n\n\n\n<p>Sie haben jederzeit die M\u00f6glichkeit, der Verarbeitung Ihrer personenbezogenen Daten im Rahmen der Kontaktaufnahme \u00fcber das Kontaktformular oder per E-Mail f\u00fcr die Zukunft zu widersprechen. In einem solchen Fall kann die Konversation zwischen Ihnen und uns nicht fortgef\u00fchrt werden. Alle personenbezogenen Daten, die im Zuge der Kontaktaufnahme gespeichert wurden, werden in diesem Fall gel\u00f6scht.<\/p>\n\n\n\n<h3 class=\"wp-block-heading\" id=\"e-mail-sicherheit\">E-Mail Sicherheit<\/h3>\n\n\n\n<p>Sie sind mit elektronischer Kommunikation einverstanden, sobald Sie selbst den elektronischen Kontakt zur Kommune er\u00f6ffnen.<br>Sie werden darauf hingewiesen, dass E-Mails auf dem \u00dcbertragungsweg unbefugt und unbemerkt mitgelesen oder ver\u00e4ndert werden k\u00f6nnen.<br>Die Kommune verwendet eine Software zur Filterung von unerw\u00fcnschten E-Mails (Spam-Filter). Durch den Spam-Filter k\u00f6nnen E-Mails abgewiesen werden, wenn diese durch bestimmte Merkmale f\u00e4lschlich als Spam identifiziert wurden.<br>Der Inhalt von E-Mails ist nicht automatisch gesch\u00fctzt, au\u00dfer Sie haben eigene Ma\u00dfnahmen zur Verschl\u00fcsselung ergriffen. In E-Mails ohne zus\u00e4tzliche Verschl\u00fcsselung sind Ihre personenbezogenen Daten nicht gesch\u00fctzt. Wenn Sie Bedenken bei der \u00dcbermittlung von personenbezogen Daten oder anderen sensiblen Daten haben, stimmen Sie vor der \u00dcbermittlung eine geeignete Verschl\u00fcsselung mit dem Empf\u00e4nger (unseren Mitarbeitern) ab, oder nutzen Sie Fax bzw. Briefpost.<\/p>\n\n\n\n<h3 class=\"wp-block-heading\" id=\"hinweis-zur-datenschutzerklarung\">Hinweis zur Datenschutzerkl\u00e4rung<\/h3>\n\n\n\n<p>Soweit nichts anderes geregelt ist, unterliegt die Nutzung s\u00e4mtlicher Informationen, die wir \u00fcber Sie haben, dieser Datenschutzerkl\u00e4rung.<br>Die Kommune beh\u00e4lt es sich vor, diese Datenschutzerkl\u00e4rung den erforderlichen Sicherheitsma\u00dfnahmen entsprechend der technologischen Entwicklung fortlaufend anzupassen, und wird etwaige \u00c4nderungen an dieser Stelle bekannt geben.<br>Stand: Dezember 2021<\/p>\n\n\n\n<h3 class=\"wp-block-heading\" id=\"weitere-hinweise\">Weitere Hinweise<\/h3>\n\n\n\n<p id=\"technische-und-organisatorische-massnahmen\"><strong>Technische und organisatorische Ma\u00dfnahmen<\/strong><\/p>\n\n\n\n<p>Die Kommune hat technische und organisatorische Ma\u00dfnahmen ergriffen, um Ihre Daten vor Verlust, Zerst\u00f6rung oder unberechtigtem Zugriff zu sch\u00fctzen.<br>Zudem werden sowohl die Besch\u00e4ftigten der Kommune als auch etwaige Dienstleistungs-unternehmen zur Verschwiegenheit und zur Einhaltung der datenschutzrechtlichen Bestimmungen verpflichtet.<\/p>\n\n\n\n<p id=\"ssl-bzw-tls-verschlusselung\"><strong>SSL- bzw. TLS-Verschl\u00fcsselung<\/strong><\/p>\n\n\n\n<p>Aus Sicherheitsgr\u00fcnden und zum Schutz der \u00dcbertragung vertraulicher Inhalte, die Sie an uns als Seitenbetreiber senden, nutzt unsere Website eine SSL-bzw. TLS-Verschl\u00fcsselung. Damit sind Daten, die Sie \u00fcber diese Website \u00fcbermitteln, f\u00fcr Dritte nicht mitlesbar. Sie erkennen eine verschl\u00fcsselte Verbindung an der \u201ehttps:\/\/\u201c Adresszeile Ihres Browsers und am Schloss-Symbol in der Browserzeile.<\/p>\n","protected":false},"excerpt":{"rendered":"<p>Name und Anschrift des Verantwortlichen Der Verantwortliche im Sinne der Datenschutz-Grundverordnung und anderer nationaler Datenschutzgesetze der Mitgliedsstaaten sowie sonstiger datenschutzrechtlicher Bestimmungen ist die: Gemeinde B\u00f6bing\/B\u00fccherei B\u00f6bingKirchstra\u00dfe 1282389 B\u00f6bingTelefon: +49 (0)8867 91 00-31E-Mail: buecherei@boebing.de Name und Anschrift des Datenschutzbeauftragten Bitte wenden Sie sich in allen Fragen rund um das Thema Datenschutz und Datensicherheit direkt an unseren &hellip; <a href=\"https:\/\/www.buecherei-boebing.de\/index.php\/datenschutz\/\" class=\"more-link\"><span class=\"screen-reader-text\">Datenschutz<\/span> weiterlesen<\/a><\/p>\n","protected":false},"author":2,"featured_media":0,"parent":0,"menu_order":0,"comment_status":"closed","ping_status":"closed","template":"","meta":{"footnotes":""},"class_list":["post-134","page","type-page","status-publish","hentry"],"_links":{"self":[{"href":"https:\/\/www.buecherei-boebing.de\/index.php\/wp-json\/wp\/v2\/pages\/134","targetHints":{"allow":["GET"]}}],"collection":[{"href":"https:\/\/www.buecherei-boebing.de\/index.php\/wp-json\/wp\/v2\/pages"}],"about":[{"href":"https:\/\/www.buecherei-boebing.de\/index.php\/wp-json\/wp\/v2\/types\/page"}],"author":[{"embeddable":true,"href":"https:\/\/www.buecherei-boebing.de\/index.php\/wp-json\/wp\/v2\/users\/2"}],"replies":[{"embeddable":true,"href":"https:\/\/www.buecherei-boebing.de\/index.php\/wp-json\/wp\/v2\/comments?post=134"}],"version-history":[{"count":10,"href":"https:\/\/www.buecherei-boebing.de\/index.php\/wp-json\/wp\/v2\/pages\/134\/revisions"}],"predecessor-version":[{"id":373,"href":"https:\/\/www.buecherei-boebing.de\/index.php\/wp-json\/wp\/v2\/pages\/134\/revisions\/373"}],"wp:attachment":[{"href":"https:\/\/www.buecherei-boebing.de\/index.php\/wp-json\/wp\/v2\/media?parent=134"}],"curies":[{"name":"wp","href":"https:\/\/api.w.org\/{rel}","templated":true}]}}